{"id":83,"date":"2022-01-29T01:48:16","date_gmt":"2022-01-29T00:48:16","guid":{"rendered":"http:\/\/www.stokliniken.se\/?page_id=83"},"modified":"2023-09-18T22:13:02","modified_gmt":"2023-09-18T20:13:02","slug":"natverk-lankar","status":"publish","type":"page","link":"https:\/\/www.stokliniken.se\/?page_id=83","title":{"rendered":"N\u00e4tverk &#038; L\u00e4nkar"},"content":{"rendered":"\n<p class=\"wp-block-paragraph\">Vi har ett rikt samarbete med b\u00e5de lokala och nationella v\u00e5rdgivare samt v\u00e5rdgivare inom LOV\/Lagen om V\u00e5rdval. Det inneb\u00e4r att du som patient kan f\u00e5 v\u00e5rd n\u00e5gon annanstans om du inte kan erbjudas specialistv\u00e5rd inom V\u00e4strag\u00f6talandsregionen. Vi kan \u00e4ven varmt rekommendera olika privata v\u00e5rdgivare d\u00e4r du betalar sj\u00e4lv eller via sjukv\u00e5rdsf\u00f6rs\u00e4kring.<\/p>\n\n\n\n<p class=\"wp-block-paragraph\">Utbildningar vi kan rekommendera hittar du l\u00e4ngst ner<\/p>\n\n\n\n<figure class=\"wp-block-image size-full\"><img decoding=\"async\" width=\"300\" height=\"100\" src=\"http:\/\/www.stokliniken.se\/wp-content\/uploads\/2022\/01\/Spetsrehab-logo.png\" alt=\"\" class=\"wp-image-85\"\/><figcaption class=\"wp-element-caption\"><strong>Spetsrehab<\/strong>&nbsp;\u2013 landstingsansluten (VG-Regionen) Fysioterapeut med inriktning p\u00e5 kopplingen mellan kropp&amp;sj\u00e4l. Inna Ovnan har l\u00e5ng erfarenhet av att arbeta med psykisk oh\u00e4lsa, sm\u00e4rta och stress och vad den g\u00f6r med v\u00e5r person och v\u00e5ra kroppar. Du hittar henne ovanp\u00e5 Willy\u2019s i Stenungsund och kan boka tid direkt p\u00e5 n\u00e4tet via l\u00e4nken till hemsidan.<br><a rel=\"noreferrer noopener\" href=\"https:\/\/spetsrehab.se\/index.php\" target=\"_blank\">www.spetsrehab.se<\/a><\/figcaption><\/figure>\n\n\n\n<figure class=\"wp-block-image size-full is-resized\"><img decoding=\"async\" src=\"http:\/\/www.stokliniken.se\/wp-content\/uploads\/2022\/01\/FT-Strandplan.jpg\" alt=\"\" class=\"wp-image-86\" style=\"width:155px;height:153px\" width=\"155\" height=\"153\"\/><figcaption class=\"wp-element-caption\"><strong>Fysioterapi Strandplan<\/strong>&nbsp;\u00e4r ocks\u00e5 en Fysioterapimottagning i Stenungsund med sk landstingsavtal (VG-Regionen). \u00c4ven h\u00e4r g\u00e5r det att boka tider direkt p\u00e5 n\u00e4tet via hemsidan.<br><a rel=\"noreferrer noopener\" href=\"https:\/\/fysioterapistrandplan.se\/\" target=\"_blank\">www.fysioterapistrandplan.se<\/a><\/figcaption><\/figure>\n\n\n\n<figure class=\"wp-block-image size-full\"><img decoding=\"async\" width=\"197\" height=\"47\" src=\"http:\/\/www.stokliniken.se\/wp-content\/uploads\/2022\/01\/VG-lolo.jpg\" alt=\"\" class=\"wp-image-87\"\/><figcaption class=\"wp-element-caption\">Vi har ett v\u00e4l fungerande samarbete med&nbsp;<strong>N\u00e4rh\u00e4lsans Rehabmottagningar<\/strong>&nbsp;i s\u00e5v\u00e4l Stenungsund, Kung\u00e4lv\/Solg\u00e4rde eller Kongah\u00e4lla, Uddevalla, Herrestad och p\u00e5 Tj\u00f6rn. Du hittar dem nedan:<\/figcaption><\/figure>\n\n\n\n<p class=\"wp-block-paragraph\"><a rel=\"noreferrer noopener\" href=\"https:\/\/www.narhalsan.se\/stenungsundrehabmottagning\" target=\"_blank\">N\u00e4rh\u00e4lsan Stenungsund Rehab<\/a><br><a rel=\"noreferrer noopener\" href=\"https:\/\/www.narhalsan.se\/tjornrehabmottagning\" target=\"_blank\">N\u00e4rh\u00e4lsan Tj\u00f6rn Rehab<\/a><br><a rel=\"noreferrer noopener\" href=\"https:\/\/www.narhalsan.se\/solgarderehabmottagning\" target=\"_blank\">N\u00e4rh\u00e4lsan Solg\u00e4rde Rehab<\/a>, Kung\u00e4lv<br><a rel=\"noreferrer noopener\" href=\"https:\/\/www.narhalsan.se\/kongahallarehabmottagning\" target=\"_blank\">N\u00e4rh\u00e4lsan Kongah\u00e4lla<\/a>\u00a0Rehab, Kung\u00e4lv<br><a rel=\"noreferrer noopener\" href=\"https:\/\/www.narhalsan.se\/uddevallarehabmottagning\" target=\"_blank\">N\u00e4rh\u00e4lsan Uddevalla Rehab<\/a><br><a rel=\"noreferrer noopener\" href=\"https:\/\/www.narhalsan.se\/Herrestadrehabmottagning\" target=\"_blank\">N\u00e4rh\u00e4lsan Herrestad Rehab<\/a><br><a href=\"https:\/\/www.narhalsan.se\/angaborehabmottagning\" data-type=\"link\" data-id=\"https:\/\/www.narhalsan.se\/angaborehabmottagning\">N\u00e4rh\u00e4lsan \u00c4ngabo Rehab, Alings\u00e5s<\/a> &#8211; Ultraljudsdiagnostik och Fokuserad St\u00f6tv\u00e5g<br><a href=\"https:\/\/www.narhalsan.se\/sorhagarehabmottagning\" data-type=\"link\" data-id=\"https:\/\/www.narhalsan.se\/sorhagarehabmottagning\">N\u00e4rh\u00e4lsan S\u00f6rhaga Rehab, Alings\u00e5s<\/a> &#8211; Ultraljudsdiagnostik och Fokuserad St\u00f6tv\u00e5g<\/p>\n\n\n\n<figure class=\"wp-block-image size-full is-resized\"><img loading=\"lazy\" decoding=\"async\" src=\"http:\/\/www.stokliniken.se\/wp-content\/uploads\/2022\/01\/capio-lolo.jpg\" alt=\"\" class=\"wp-image-88\" style=\"width:106px;height:38px\" width=\"106\" height=\"38\"\/><figcaption class=\"wp-element-caption\">F\u00f6r dig som tillh\u00f6r eller hellre vill rehabtr\u00e4na p\u00e5&nbsp;<strong>Capio<\/strong>&nbsp;finns:<\/figcaption><\/figure>\n\n\n\n<p class=\"wp-block-paragraph\"><a rel=\"noreferrer noopener\" href=\"https:\/\/capio.se\/narsjukvard\/vastra-gotaland\/stenungsund-rehab\/\" target=\"_blank\">Capio Stenungsund Rehab<\/a><br><a rel=\"noreferrer noopener\" href=\"https:\/\/capio.se\/narsjukvard\/vastra-gotaland\/orust-rehab\/?ac=unittracking&amp;uid=151869\" target=\"_blank\">Capio Rehab Orust<\/a><br><a rel=\"noreferrer noopener\" href=\"https:\/\/capio.se\/narsjukvard\/vastra-gotaland\/tjorn-almo-rehab\/\" target=\"_blank\">Capio Alm\u00f6 Rehab<\/a><\/p>\n\n\n\n<figure class=\"wp-block-image size-full\"><img loading=\"lazy\" decoding=\"async\" width=\"435\" height=\"165\" src=\"http:\/\/www.stokliniken.se\/wp-content\/uploads\/2022\/01\/gbg-lakp-logo.png\" alt=\"\" class=\"wp-image-89\" srcset=\"https:\/\/www.stokliniken.se\/wp-content\/uploads\/2022\/01\/gbg-lakp-logo.png 435w, https:\/\/www.stokliniken.se\/wp-content\/uploads\/2022\/01\/gbg-lakp-logo-300x114.png 300w\" sizes=\"(max-width: 435px) 100vw, 435px\" \/><figcaption class=\"wp-element-caption\"><strong>G\u00f6teborgs L\u00e4karpraktik<\/strong>&nbsp;<br>Vi har vi ett n\u00e4ra samarbete med GBG L\u00e4karpraktik f\u00f6r vidare utredningar men ffa. f\u00f6r injektionsbehandling av indikationer som inte utf\u00f6ras p\u00e5 V\u00e5rdcentralen men inte kr\u00e4ver sjukhusv\u00e5rd. <br>Remiss kr\u00e4vs fr\u00e5n STO-kliniken f\u00f6r bes\u00f6k. Bes\u00f6ket \u00e4r frikortsgrundande och kostar 300kr, Frikort g\u00e4ller. L\u00e4s mer p\u00e5 hemsidan<\/figcaption><\/figure>\n\n\n\n<figure class=\"wp-block-image size-full\"><img loading=\"lazy\" decoding=\"async\" width=\"467\" height=\"98\" src=\"http:\/\/www.stokliniken.se\/wp-content\/uploads\/2022\/01\/Kungalvs-RC-logga.png\" alt=\"\" class=\"wp-image-90\" srcset=\"https:\/\/www.stokliniken.se\/wp-content\/uploads\/2022\/01\/Kungalvs-RC-logga.png 467w, https:\/\/www.stokliniken.se\/wp-content\/uploads\/2022\/01\/Kungalvs-RC-logga-300x63.png 300w\" sizes=\"(max-width: 467px) 100vw, 467px\" \/><figcaption class=\"wp-element-caption\"><strong>Kung\u00e4lvs Rehabcenter&nbsp;<\/strong>\u2013 \u00e4r ocks\u00e5 en mottagning som \u00e4r ansluten till VG-Regionen. <br>F\u00f6rutom l\u00e5ng erfarenhet av rehab har vi oftast remitterad dit f\u00f6r en senskadebehandling som kallas EPTE, l\u00e4s mer p\u00e5 deras hemsida<br><a rel=\"noreferrer noopener\" href=\"http:\/\/kungalvsrehabcenter.se\/\" target=\"_blank\">www.kungalvsrehabcenter.se<\/a><\/figcaption><\/figure>\n\n\n\n<figure class=\"wp-block-image size-full\"><img loading=\"lazy\" decoding=\"async\" width=\"300\" height=\"140\" src=\"http:\/\/www.stokliniken.se\/wp-content\/uploads\/2022\/01\/Ortomed_vattenstampel.png\" alt=\"\" class=\"wp-image-91\"\/><figcaption class=\"wp-element-caption\"><strong>OrtoMed&nbsp;<\/strong>G\u00f6teborg \u00e4r en privat sjukgymnastklinik med stor erfarenhet och gott renom\u00e9.<br>H\u00e4r kan du f\u00f6rutom Ultraljudsunders\u00f6kningar \u00e4ven komma vidare med L\u00f6panalyser.<br>OrtoMed tar \u00e4ven emot patienter via sjukv\u00e5rdsf\u00f6rs\u00e4kring. Bokning och priser finns p\u00e5 hemsidan.<br><a rel=\"noreferrer noopener\" href=\"https:\/\/ortomed.se\/\" target=\"_blank\">www.ortomed.se<\/a><\/figcaption><\/figure>\n\n\n\n<figure class=\"wp-block-image size-full is-resized\"><img loading=\"lazy\" decoding=\"async\" src=\"http:\/\/www.stokliniken.se\/wp-content\/uploads\/2022\/01\/OMI-alingsas-logo.png\" alt=\"\" class=\"wp-image-92\" style=\"width:212px;height:212px\" width=\"212\" height=\"212\" srcset=\"https:\/\/www.stokliniken.se\/wp-content\/uploads\/2022\/01\/OMI-alingsas-logo.png 300w, https:\/\/www.stokliniken.se\/wp-content\/uploads\/2022\/01\/OMI-alingsas-logo-150x150.png 150w\" sizes=\"(max-width: 212px) 100vw, 212px\" \/><figcaption class=\"wp-element-caption\"><strong>Ortopedisk Medicin I Alings\u00e5s<\/strong>&nbsp;\u2013 mottagningen drivs av leg sjukgymnast Tomas Gustavsson som \u00e4ven \u00e4r internationell l\u00e4rare inom Ortopedisk Medicin\/ OMI. Tomas bedriver en omfattande undervisningsverksamhet tillsammans med \u00f6vriga l\u00e4rare inom OMI Norden.<br>N\u00e4r vi k\u00f6r fast med en patient ber vi ibland Tomas om hj\u00e4lp att komma vidare och det \u00e4r en fantastisk resurs att tillg\u00e5. L\u00e4s mer p\u00e5 hemsidorna:<\/figcaption><\/figure>\n\n\n\n<p class=\"wp-block-paragraph\"><a rel=\"noreferrer noopener\" href=\"http:\/\/www.omialingsas.se\/\" target=\"_blank\">www.omialingsas.se&nbsp;<\/a>till kliniken<br><a rel=\"noreferrer noopener\" href=\"http:\/\/www.ominorden.com\/\" target=\"_blank\">www.ominorden.com<\/a>&nbsp;\u2013 om utbildningen i ortopedisk medicin.<\/p>\n\n\n\n<figure class=\"wp-block-image size-full\"><img loading=\"lazy\" decoding=\"async\" width=\"306\" height=\"32\" src=\"http:\/\/www.stokliniken.se\/wp-content\/uploads\/2022\/01\/Gert-Alingsas-logo.jpg\" alt=\"\" class=\"wp-image-93\" srcset=\"https:\/\/www.stokliniken.se\/wp-content\/uploads\/2022\/01\/Gert-Alingsas-logo.jpg 306w, https:\/\/www.stokliniken.se\/wp-content\/uploads\/2022\/01\/Gert-Alingsas-logo-300x31.jpg 300w\" sizes=\"(max-width: 306px) 100vw, 306px\" \/><figcaption class=\"wp-element-caption\"><strong>Gert Person L\u00e4karkonsult<\/strong>, Alings\u00e5s, tar emot patienter f\u00f6r vidare utredningar av bl.a. ryggsm\u00e4rta med utstr\u00e5lning. Injektionsbehandling kan \u00e4ven g\u00f6ras under ultraljudsguidning vid behov. <br>Mottagningen \u00e4r helt privat och jobbar \u00e4ven mot f\u00f6rs\u00e4kringsbolag. <br>Prislista finns p\u00e5 hemsidan.&nbsp;<a rel=\"noreferrer noopener\" href=\"https:\/\/gepekonsult.se\/\" target=\"_blank\">www.gepekonsult.se<\/a><\/figcaption><\/figure>\n\n\n\n<figure class=\"wp-block-image size-large is-resized\"><img loading=\"lazy\" decoding=\"async\" src=\"http:\/\/www.stokliniken.se\/wp-content\/uploads\/2022\/01\/Metodica2x-1024x366.png\" alt=\"\" class=\"wp-image-94\" style=\"width:309px;height:110px\" width=\"309\" height=\"110\" srcset=\"https:\/\/www.stokliniken.se\/wp-content\/uploads\/2022\/01\/Metodica2x-1024x366.png 1024w, https:\/\/www.stokliniken.se\/wp-content\/uploads\/2022\/01\/Metodica2x-300x107.png 300w, https:\/\/www.stokliniken.se\/wp-content\/uploads\/2022\/01\/Metodica2x-768x274.png 768w, https:\/\/www.stokliniken.se\/wp-content\/uploads\/2022\/01\/Metodica2x.png 1361w\" sizes=\"(max-width: 309px) 100vw, 309px\" \/><figcaption class=\"wp-element-caption\"><strong>Metodica Specialistl\u00e4kare<\/strong>&nbsp;i Stockholm med dr Niklas W\u00e5ngdal har dubbelkompetens inom b\u00e5de Ortopedisk medicin och Idrottsmedicin och \u00e4r en av f\u00e5 allm\u00e4nspecialister i Sverige med examen i Ultraljudsdiagnostik och l\u00e4gger vid behov injektionsbehandlingar under UL-guidning, \u00e4ven i rygg. <br>Mottagningen \u00e4r privat och mycket uppskattad av de patienter vi h\u00e4nvisat. <br>L\u00e4s vidare p\u00e5 hemsidan:&nbsp;<a rel=\"noreferrer noopener\" href=\"https:\/\/metodicaspecialistlakare.se\/\" target=\"_blank\">www.metodicaspecialistlakare.se<\/a><\/figcaption><\/figure>\n\n\n\n<figure class=\"wp-block-image size-full is-resized\"><img loading=\"lazy\" decoding=\"async\" src=\"http:\/\/www.stokliniken.se\/wp-content\/uploads\/2022\/01\/SCS-logo.jpg\" alt=\"\" class=\"wp-image-95\" style=\"width:102px;height:137px\" width=\"102\" height=\"137\"\/><figcaption class=\"wp-element-caption\"><strong>Specialistcenter Scandinavia<\/strong>&nbsp;\u00e4r ortopedspecialister och utf\u00f6r de flesta f\u00f6rdjupande unders\u00f6kningar och operationer. Kliniken har avtal via Lagen om V\u00e5rdval och tar emot patienter p\u00e5 egenremiss eller efter bed\u00f6mning p\u00e5 STO-kliniken. L\u00e4s mer p\u00e5 hemsidan:<br><a rel=\"noreferrer noopener\" href=\"http:\/\/specialistcenter.nu\/sv\/\" target=\"_blank\">www.specialistcenter.nu<\/a><\/figcaption><\/figure>\n\n\n\n<p class=\"wp-block-paragraph\"><mark style=\"background-color:rgba(0, 0, 0, 0)\" class=\"has-inline-color has-blue-color\">UTBILDNINGAR VI KAN REKOMMENDERA:<\/mark><\/p>\n\n\n\n<figure class=\"wp-block-image size-full\"><img loading=\"lazy\" decoding=\"async\" width=\"164\" height=\"148\" src=\"http:\/\/www.stokliniken.se\/wp-content\/uploads\/2022\/01\/OMI-logga.jpg\" alt=\"\" class=\"wp-image-96\"\/><\/figure>\n\n\n\n<p class=\"wp-block-paragraph\"><strong>Utbilda dig inom ORTOPEDISK MEDICIN\/OMI?<\/strong><br>\u00c4r&nbsp;<strong>Sjukgymnast\/Fysioterapeut, L\u00e4kare, Naprapat<\/strong>&nbsp;eller<strong>&nbsp;Kiropraktor<\/strong>&nbsp;och k\u00e4nner att du vill g\u00e5 vidare med f\u00f6rdjupning av unders\u00f6kning och behandling kan vi varmt rekommendera systemet som dr. Cyriax b\u00f6rjade utveckla.<br>Man har \u00e4ven utvecklat en specialkurs f\u00f6r&nbsp;<strong>Arbetsterapeuter<\/strong>&nbsp;f\u00f6r vidareutbildning inom diagnostik och behandling f\u00f6r hand\/underarm.<br>All information om kurser och mera information om OMI-systemet, som det \u00e4r f\u00f6rkortat till, finns p\u00e5 hemsidan. Klicka p\u00e5 l\u00e4nken h\u00e4r:&nbsp;<a rel=\"noreferrer noopener\" href=\"https:\/\/www.ominorden.com\/sv\" target=\"_blank\">www.ominorden.com<\/a><\/p>\n\n\n\n<figure class=\"wp-block-image size-full is-resized\"><img loading=\"lazy\" decoding=\"async\" src=\"http:\/\/www.stokliniken.se\/wp-content\/uploads\/2022\/01\/MDT-logga.jpg\" alt=\"\" class=\"wp-image-97\" style=\"width:386px;height:147px\" width=\"386\" height=\"147\" srcset=\"https:\/\/www.stokliniken.se\/wp-content\/uploads\/2022\/01\/MDT-logga.jpg 386w, https:\/\/www.stokliniken.se\/wp-content\/uploads\/2022\/01\/MDT-logga-300x114.jpg 300w\" sizes=\"(max-width: 386px) 100vw, 386px\" \/><figcaption class=\"wp-element-caption\"><strong>Utbilda dig inom Mekanisk Diagnostik och Terapi, den sk. McKenzie-metoden?<\/strong><br>Kurserna \u00e4r f\u00f6r&nbsp;<strong>L\u00e4kare&nbsp;<\/strong>och&nbsp;<strong>Sjukgymnaster\/Fysioterapeuter<\/strong>&nbsp;och du hittar all information om metod och kurser via l\u00e4nken till hemsidan h\u00e4r:&nbsp;<a rel=\"noreferrer noopener\" href=\"https:\/\/se.mckenzieinstitute.org\/\" target=\"_blank\">www.mckenzie.se<\/a><\/figcaption><\/figure>\n\n\n\n<figure class=\"wp-block-image size-full\"><img loading=\"lazy\" decoding=\"async\" width=\"134\" height=\"58\" src=\"http:\/\/www.stokliniken.se\/wp-content\/uploads\/2022\/01\/irradia-logga-2.jpg\" alt=\"\" class=\"wp-image-100\"\/><\/figure>\n\n\n\n<p class=\"wp-block-paragraph\"><strong>Utbilda dig inom Medicinsk Laserterapi?<\/strong><br>Utbildningen \u00e4r \u00f6ppen f\u00f6r alla som h\u00e5ller p\u00e5 med behandling av b\u00e5de m\u00e4nniska och djur. Kurserna \u00e4r riktade till varje specifikt omr\u00e5de och det finns kurser som g\u00e5r p\u00e5 n\u00e4tet, gratis, och l\u00e4ngre kurser som h\u00e5lls p\u00e5 olika st\u00e4llen i Sverige. Se vidare p\u00e5 hemsidan f\u00f6r alla olika kurstillf\u00e4llen h\u00e4r:<a rel=\"noreferrer noopener\" href=\"https:\/\/www.irradia.se\/\" target=\"_blank\">&nbsp;www.irradia.se<\/a><\/p>\n\n\n\n<p class=\"wp-block-paragraph\">Du kan \u00e4ven bli lic.laserterapeut via utbildningen<\/p>\n","protected":false},"excerpt":{"rendered":"<p>Vi har ett rikt samarbete med b\u00e5de lokala och nationella v\u00e5rdgivare samt v\u00e5rdgivare inom LOV\/Lagen om V\u00e5rdval. Det inneb\u00e4r att du som patient kan f\u00e5 v\u00e5rd n\u00e5gon annanstans om du inte kan erbjudas specialistv\u00e5rd inom V\u00e4strag\u00f6talandsregionen. Vi kan \u00e4ven varmt &hellip; <a href=\"https:\/\/www.stokliniken.se\/?page_id=83\">Forts\u00e4tt l\u00e4sa <span class=\"meta-nav\">&rarr;<\/span><\/a><\/p>\n","protected":false},"author":1,"featured_media":0,"parent":0,"menu_order":0,"comment_status":"closed","ping_status":"closed","template":"","meta":{"footnotes":""},"class_list":["post-83","page","type-page","status-publish","hentry"],"_links":{"self":[{"href":"https:\/\/www.stokliniken.se\/index.php?rest_route=\/wp\/v2\/pages\/83","targetHints":{"allow":["GET"]}}],"collection":[{"href":"https:\/\/www.stokliniken.se\/index.php?rest_route=\/wp\/v2\/pages"}],"about":[{"href":"https:\/\/www.stokliniken.se\/index.php?rest_route=\/wp\/v2\/types\/page"}],"author":[{"embeddable":true,"href":"https:\/\/www.stokliniken.se\/index.php?rest_route=\/wp\/v2\/users\/1"}],"replies":[{"embeddable":true,"href":"https:\/\/www.stokliniken.se\/index.php?rest_route=%2Fwp%2Fv2%2Fcomments&post=83"}],"version-history":[{"count":5,"href":"https:\/\/www.stokliniken.se\/index.php?rest_route=\/wp\/v2\/pages\/83\/revisions"}],"predecessor-version":[{"id":490,"href":"https:\/\/www.stokliniken.se\/index.php?rest_route=\/wp\/v2\/pages\/83\/revisions\/490"}],"wp:attachment":[{"href":"https:\/\/www.stokliniken.se\/index.php?rest_route=%2Fwp%2Fv2%2Fmedia&parent=83"}],"curies":[{"name":"wp","href":"https:\/\/api.w.org\/{rel}","templated":true}]}}