{"id":40,"date":"2022-01-08T21:07:34","date_gmt":"2022-01-08T20:07:34","guid":{"rendered":"http:\/\/www.stokliniken.se\/?page_id=40"},"modified":"2026-06-14T00:21:43","modified_gmt":"2026-06-13T22:21:43","slug":"sjukgymnastmottagning","status":"publish","type":"page","link":"https:\/\/www.stokliniken.se\/?page_id=40","title":{"rendered":"STO Sjukgymnastik\/Fysioterapi Barn &amp; Vuxna"},"content":{"rendered":"\t\t<div data-elementor-type=\"wp-page\" data-elementor-id=\"40\" class=\"elementor elementor-40\">\n\t\t\t\t\t\t<section class=\"elementor-section elementor-top-section elementor-element elementor-element-69d99294 elementor-section-boxed elementor-section-height-default elementor-section-height-default\" data-id=\"69d99294\" data-element_type=\"section\">\n\t\t\t\t\t\t<div class=\"elementor-container elementor-column-gap-default\">\n\t\t\t\t\t<div class=\"elementor-column elementor-col-100 elementor-top-column elementor-element elementor-element-5c31efdd\" data-id=\"5c31efdd\" data-element_type=\"column\">\n\t\t\t<div class=\"elementor-widget-wrap elementor-element-populated\">\n\t\t\t\t\t\t<div class=\"elementor-element elementor-element-58ef2b9 elementor-widget elementor-widget-text-editor\" data-id=\"58ef2b9\" data-element_type=\"widget\" data-widget_type=\"text-editor.default\">\n\t\t\t\t<div class=\"elementor-widget-container\">\n\t\t\t\t\t\t\t<p><!-- wp:paragraph --><\/p>\n<p>Vi har avtal med H\u00e4lso- och sjukv\u00e5rden i V\u00e4stra G\u00f6talandsregionen, vilket inneb\u00e4r att ett bes\u00f6k hos n\u00e5gon av oss ing\u00e5r i det sk. h\u00f6gkostnadsskyddet och \u00e4r frikortsgrundande. <br><strong>Ett bes\u00f6k kostar 200kr. F\u00f6r barn\/ungdom under 20 \u00e5r samt f\u00f6r dig \u00f6ver 85 \u00e5r \u00e4r bes\u00f6ket kostnadsfritt. <\/strong>Alla patienter \u00e4r f\u00f6rs\u00e4krade via en sk.&nbsp; Patientv\u00e5rdsf\u00f6rs\u00e4kring.<\/p>\n<p><!-- \/wp:paragraph --><!-- wp:paragraph --><\/p>\n<p>Vi har b\u00e5da tv\u00e5 m\u00e5nga \u00e5rs yrkeserfarenhet, och har genom \u00e5ren haft m\u00f6jlighet att vidareutbilda oss inom olika specialomr\u00e5den (se nedan). Vi arbetar i ett brett n\u00e4tverk av kunniga kollegor inom flera yrkesomr\u00e5den, och \u00e4r vana vid att skicka v\u00e5ra patienter vidare f\u00f6r samr\u00e5d eller sk. second opinion n\u00e4r det bed\u00f6ms adekvat.<\/p>\n<p><!-- \/wp:paragraph --><!-- wp:paragraph {\"fontSize\":\"medium\"} --><\/p>\n<p class=\"has-medium-font-size\">Sjukgymnastik\/Fysioterapi barn\/ungdom &#8211; Susanne Spetz<\/p>\n<p><!-- \/wp:paragraph --><!-- wp:paragraph --><\/p>\n<p><em>F\u00f6r att boka tid f\u00f6r bes\u00f6k eller r\u00e5dgivning n\u00e4r det g\u00e4ller bed\u00f6mning barn\/ungdom &#8211; klicka p\u00e5 l\u00e4nken till h\u00f6ger Fysioterapi barn f\u00f6r att komma till min hemsida eller s\u00f6k direkt p\u00e5 www.susannefysio.se <\/em><\/p>\n<p><!-- \/wp:paragraph --><!-- wp:paragraph {\"fontSize\":\"medium\"} --><\/p>\n<p class=\"has-medium-font-size\">Sjukgymnastik\/Fysioterapi vuxen &#8211; Anders Bergstr\u00f6m<\/p>\n<p><!-- \/wp:paragraph --><!-- wp:heading --><\/p>\n<h2 class=\"wp-block-heading\">Anders<\/h2>\n<p><!-- \/wp:heading --><!-- wp:paragraph --><\/p>\n<p>Mina specialomr\u00e5den, d\u00e4r du som patient med f\u00f6rdel bokar tid till mig \u00e4r:<\/p>\n<p><!-- \/wp:paragraph --><!-- wp:paragraph --><\/p>\n<p>&#8211;<strong>Diagnostik av problem<\/strong>, s\u00e4rskilt som en f\u00f6rl\u00e4ngning p\u00e5 de utredningar som redan gjorts inom Prim\u00e4rv\u00e5rden. M\u00e5nga g\u00e5nger \u00e4r det flera problem som fl\u00e4tar sig samman och d\u00e5 f\u00f6rs\u00f6ker vi reda ut dem s\u00e5 gott vi kan. Ultraljudsunders\u00f6kning kan \u00e4ven ing\u00e5 i diagnostiken.<br>&#8211;<strong>McKenzie-unders\u00f6kning\/behandling<\/strong>: <br>Rygg\/Nacke &#8211; Unders\u00f6kning\/beh. av diskbr\u00e5ck eller nervrotssm\u00e4rta i arm\/ben. <br>\u00d6vriga leder i kroppen &#8211; Unders\u00f6kning och beh. av ledsm\u00e4rta f\u00f6r att bekr\u00e4fta\/avf\u00e4rda om det \u00e4r det som inom McKenzie kallas &#8221;Derangement&#8221;. Derangement \u00e4r is\u00e5fall en st\u00f6rning i leden som \u00e4r behandlingsbar, oftast med snabba resultat. <br>&#8211;<strong>Ultraljudsdiagnostik<\/strong> b\u00e5de p\u00e5 remiss och direkt via bokning. (OBS ej Rygg\/Nacke)<\/p>\n<p><!-- \/wp:paragraph --><!-- wp:paragraph --><\/p>\n<p><!-- \/wp:paragraph --><!-- wp:image {\"id\":170,\"width\":\"405px\",\"height\":\"507px\",\"sizeSlug\":\"large\",\"linkDestination\":\"none\",\"align\":\"left\"} --><\/p>\n<figure class=\"wp-block-image alignleft size-large is-resized\"><img fetchpriority=\"high\" decoding=\"async\" width=\"819\" height=\"1024\" class=\"wp-image-170\" style=\"width: 405px; height: 507px;\" src=\"http:\/\/www.stokliniken.se\/wp-content\/uploads\/2022\/02\/10772-048-819x1024.jpg\" alt=\"\" srcset=\"https:\/\/www.stokliniken.se\/wp-content\/uploads\/2022\/02\/10772-048-819x1024.jpg 819w, https:\/\/www.stokliniken.se\/wp-content\/uploads\/2022\/02\/10772-048-240x300.jpg 240w, https:\/\/www.stokliniken.se\/wp-content\/uploads\/2022\/02\/10772-048-768x960.jpg 768w, https:\/\/www.stokliniken.se\/wp-content\/uploads\/2022\/02\/10772-048-1229x1536.jpg 1229w, https:\/\/www.stokliniken.se\/wp-content\/uploads\/2022\/02\/10772-048-1639x2048.jpg 1639w, https:\/\/www.stokliniken.se\/wp-content\/uploads\/2022\/02\/10772-048-scaled.jpg 2048w\" sizes=\"(max-width: 819px) 100vw, 819px\" \/><p><\/p>\n<figcaption class=\"wp-element-caption\"><strong>Anders E Bergstr\u00f6m. leg sjukgymnast<\/strong><\/figcaption>\n<\/figure>\n<p><!-- \/wp:image --><!-- wp:paragraph --><\/p>\n<p>Jag som startade STO-kliniken (jan 2019) heter <strong>Anders E Bergstr\u00f6m<\/strong> och \u00e4r leg. sjukgymnast. Har tidigare drivit tv\u00e5 sjukgymnast- kliniker i V\u00e4sterbotten: Ume\u00e5 Sm\u00e4rtmottagning AB och Norrskenskliniken i Nordmaling mellan 2006- 2017. <br>(F\u00f6r v\u00e5rds\u00f6kande i V\u00e4sterbotten se www.norrskenskliniken.se)<\/p>\n<p><!-- \/wp:paragraph --><!-- wp:paragraph --><\/p>\n<p>Min st\u00f6rsta drivkraft \u00e4r att du som patient ska f\u00e5 <em>hj\u00e4lp att komma vidare, f\u00e5 en f\u00f6rklaring och i b\u00e4sta fall en diagnos <\/em>p\u00e5 dina problem samt strategier f\u00f6r att bli b\u00e4ttre. F\u00f6r mig r\u00e4cker det inte endast att minska symptomen, jag vill f\u00f6rs\u00f6ka hitta <em><strong>roten till det onda<\/strong><\/em> och ibland \u00e4r v\u00e4gen dit lite krokig.<br>Genom min vidareutbildning upplever jag att jag f\u00e5tt bra verktyg att, tillsammans med dig som patient, komma fram\u00e5t och \u00e4ven kunskap att veta n\u00e4r min kompetens tar slut och vi m\u00e5ste remittera till l\u00e4kare eller andra kompetenser f\u00f6r vidare utredning\/behandling. Ibland h\u00e4nder det att vi s\u00e4ger till v\u00e5ra patienter: \u201d<em>nu tar vi en paus fr\u00e5n din rehab\/tr\u00e4ning<\/em>\u201d och d\u00e5 m\u00e5ste vi be en l\u00e4kare eller annan kollega om hj\u00e4lp att komma vidare. Ibland beh\u00f6vs medicin eller injektionsbehandling f\u00f6r att kunna forts\u00e4tta rehab, ibland m\u00e5ste saker och ting ske i r\u00e4tt ordning, d\u00e4r \u00e4r l\u00e4karna en ov\u00e4rderlig hj\u00e4lp.<\/p>\n<p><!-- \/wp:paragraph --><!-- wp:paragraph --><\/p>\n<p><em>Mail: anders@stokliniken.se<\/em><\/p>\n<p><!-- \/wp:paragraph --><!-- wp:paragraph --><\/p>\n<p><strong>Anders Curiculum Vitae<\/strong><\/p>\n<p><!-- \/wp:paragraph --><!-- wp:list --><\/p>\n<ul class=\"wp-block-list\">\n<li style=\"list-style-type: none;\">\n<ul class=\"wp-block-list\"><!-- wp:list-item --><\/ul>\n<\/li>\n<\/ul>\n<ul class=\"wp-block-list\">\n<li style=\"list-style-type: none;\">\n<ul class=\"wp-block-list\">\n<li><strong>Sjukgymnastexamen<\/strong>&nbsp;Ume\u00e5 Univ. (2006)<\/li>\n<\/ul>\n<\/li>\n<\/ul>\n<p><!-- \/wp:list-item --><!-- wp:list-item --><\/p>\n<ul class=\"wp-block-list\">\n<li style=\"list-style-type: none;\">\n<ul class=\"wp-block-list\">\n<li><strong>H\u00f6gre examen<\/strong>\/Basic &amp; Advanced exam&nbsp;<strong>Ortopedisk Medicin\/OMI<\/strong>&nbsp;(2014)<br>\u2013 p\u00e5g\u00e5ende L\u00e4rarutbildning inom Ortopedisk medicin<\/li>\n<\/ul>\n<\/li>\n<\/ul>\n<p><!-- \/wp:list-item --><!-- wp:list-item --><\/p>\n<ul class=\"wp-block-list\">\n<li style=\"list-style-type: none;\">\n<ul class=\"wp-block-list\">\n<li><strong>Examen<\/strong>\/cred.exam&nbsp;<strong>Mckenzie-metoden\/MDT<\/strong>&nbsp;(2010)<br>Till\u00e4ggsutbildning&nbsp;<em><strong>Diskbr\u00e5cksbehandling<\/strong><\/em> (2015)<\/li>\n<\/ul>\n<\/li>\n<\/ul>\n<p><!-- \/wp:list-item --><!-- wp:list-item --><\/p>\n<ul class=\"wp-block-list\">\n<li style=\"list-style-type: none;\">\n<ul class=\"wp-block-list\">\n<li><strong>Examen<\/strong>&nbsp;<strong>Ultraljudsdiagnostik MSKUL<\/strong>, med vidareutbildningar: <br><strong>H\u00f6ft<\/strong>, <strong>Axel\/Skuldra<\/strong> (2017\/2021)<\/li>\n<\/ul>\n<\/li>\n<\/ul>\n<p><!-- \/wp:list-item --><!-- wp:list-item --><\/p>\n<ul class=\"wp-block-list\">\n<li style=\"list-style-type: none;\">\n<ul class=\"wp-block-list\">\n<li>Lic.&nbsp;<strong>Laserterapeut <\/strong>(2012)&nbsp;<\/li>\n<\/ul>\n<\/li>\n<\/ul>\n<p><!-- \/wp:list-item --><!-- wp:list-item --><\/p>\n<ul class=\"wp-block-list\">\n<li style=\"list-style-type: none;\">\n<ul class=\"wp-block-list\">\n<li>Lic. utbildare inom Laserterapi (sedan 2006)<\/li>\n<\/ul>\n<\/li>\n<\/ul>\n<p><!-- \/wp:list-item --><!-- wp:list-item --><\/p>\n<ul class=\"wp-block-list\">\n<li style=\"list-style-type: none;\">\n<ul class=\"wp-block-list\">\n<li>Dipl.&nbsp;<strong>Injektionsterapi<\/strong>&nbsp;(10p ) via Univ. of Middlesex, London (2016)<\/li>\n<\/ul>\n<\/li>\n<\/ul>\n<p><!-- \/wp:list-item --><!-- wp:list-item --><\/p>\n<ul class=\"wp-block-list\">\n<li style=\"list-style-type: none;\">\n<ul class=\"wp-block-list\">\n<li>Vidareutbildning inom: <strong>St\u00f6tv\u00e5gsbehandling<\/strong>, Redcord-metoden (Neurac 1, Active 1+2), Akupunktur, OMT steg 1, Motiverande Samtal\/MI.<\/li>\n<\/ul>\n<\/li>\n<\/ul>\n<p><!-- \/wp:list-item --><\/p>\n<p><!-- \/wp:list --><!-- wp:heading --><\/p>\n<h2 class=\"wp-block-heading\">&nbsp;<\/h2>\n<p><!-- \/wp:heading --><!-- wp:paragraph --><\/p>\n<p><!-- \/wp:paragraph --><!-- wp:heading --><\/p>\n<h2 class=\"wp-block-heading\">Andra behandlingsomr\u00e5den:<\/h2>\n<p><!-- \/wp:heading --><!-- wp:paragraph --><\/p>\n<p><strong>Rehabtr\u00e4ning\/gymtr\u00e4ning: <\/strong>D\u00e5 vi har mycket begr\u00e4nsade resurser f\u00f6r att rehabtr\u00e4na i v\u00e5ra lokaler brukar vi h\u00e4nvisa till de st\u00f6rre rehabmottagningarna i n\u00e4romr\u00e5det. Det finns kollegor som liksom vi specialiserat sig inom olika rehab-omr\u00e5den, vilket medf\u00f6r tat vi ibland h\u00e4nvisar till en specifik mottagning.<\/p>\n<p><!-- \/wp:paragraph --><!-- wp:paragraph --><\/p>\n<p><strong>Laserbehandling<\/strong>: Om du \u00f6nskar enskilda laserbehandlingar, rekommenderar vi varmt v\u00e5ra kollegor p\u00e5 kliniken, som dessutom oftats kan erbjuda snabbare tider. <em><strong>Laserkliniken Od\u00e9n<\/strong><\/em> (leg. sjuksk\u00f6terska) och <strong><em>STO Fotteknik <\/em><\/strong>(laserterapeut och utprovning ortopediska fotb\u00e4ddar). Du hittar dem under respektive l\u00e4nkar p\u00e5 hemsidan.<\/p>\n<p><!-- \/wp:paragraph --><!-- wp:paragraph --><\/p>\n<p>Se \u00e4ven v\u00e5r lista \u00f6ver rehabmottagningar, privata Fysioterapeuter, Kiropraktorer och Osteopater under fliken: <strong><em><a href=\"https:\/\/www.stokliniken.se\/?page_id=83\" data-type=\"link\" data-id=\"https:\/\/www.stokliniken.se\/?page_id=83\">&#8221;N\u00e4tverk &amp; L\u00e4nkar<\/a>&#8221;<\/em><\/strong><\/p>\n<p><!-- \/wp:paragraph --><!-- wp:paragraph --><\/p>\n<p><!-- \/wp:paragraph --><!-- wp:paragraph --><\/p>\n<p><!-- \/wp:paragraph --><\/p>\t\t\t\t\t\t<\/div>\n\t\t\t\t<\/div>\n\t\t\t\t\t<\/div>\n\t\t<\/div>\n\t\t\t\t\t<\/div>\n\t\t<\/section>\n\t\t\t\t<\/div>\n\t\t","protected":false},"excerpt":{"rendered":"<p>Vi har avtal med H\u00e4lso- och sjukv\u00e5rden i V\u00e4stra G\u00f6talandsregionen, vilket inneb\u00e4r att ett bes\u00f6k hos n\u00e5gon av oss ing\u00e5r i det sk. h\u00f6gkostnadsskyddet och \u00e4r frikortsgrundande. Ett bes\u00f6k kostar 200kr. F\u00f6r barn\/ungdom under 20 \u00e5r samt f\u00f6r dig \u00f6ver &hellip; <a href=\"https:\/\/www.stokliniken.se\/?page_id=40\">Forts\u00e4tt l\u00e4sa <span class=\"meta-nav\">&rarr;<\/span><\/a><\/p>\n","protected":false},"author":1,"featured_media":0,"parent":0,"menu_order":0,"comment_status":"closed","ping_status":"closed","template":"","meta":{"footnotes":""},"class_list":["post-40","page","type-page","status-publish","hentry"],"_links":{"self":[{"href":"https:\/\/www.stokliniken.se\/index.php?rest_route=\/wp\/v2\/pages\/40","targetHints":{"allow":["GET"]}}],"collection":[{"href":"https:\/\/www.stokliniken.se\/index.php?rest_route=\/wp\/v2\/pages"}],"about":[{"href":"https:\/\/www.stokliniken.se\/index.php?rest_route=\/wp\/v2\/types\/page"}],"author":[{"embeddable":true,"href":"https:\/\/www.stokliniken.se\/index.php?rest_route=\/wp\/v2\/users\/1"}],"replies":[{"embeddable":true,"href":"https:\/\/www.stokliniken.se\/index.php?rest_route=%2Fwp%2Fv2%2Fcomments&post=40"}],"version-history":[{"count":45,"href":"https:\/\/www.stokliniken.se\/index.php?rest_route=\/wp\/v2\/pages\/40\/revisions"}],"predecessor-version":[{"id":633,"href":"https:\/\/www.stokliniken.se\/index.php?rest_route=\/wp\/v2\/pages\/40\/revisions\/633"}],"wp:attachment":[{"href":"https:\/\/www.stokliniken.se\/index.php?rest_route=%2Fwp%2Fv2%2Fmedia&parent=40"}],"curies":[{"name":"wp","href":"https:\/\/api.w.org\/{rel}","templated":true}]}}