{"id":33,"date":"2022-01-08T21:21:51","date_gmt":"2022-01-08T20:21:51","guid":{"rendered":"http:\/\/www.stokliniken.se\/?page_id=33"},"modified":"2026-01-06T21:07:33","modified_gmt":"2026-01-06T20:07:33","slug":"laserkliniken-oden","status":"publish","type":"page","link":"https:\/\/www.stokliniken.se\/?page_id=33","title":{"rendered":"Laserkliniken Od\u00e9n"},"content":{"rendered":"\t\t<div data-elementor-type=\"wp-page\" data-elementor-id=\"33\" class=\"elementor elementor-33\">\n\t\t\t\t\t\t<section class=\"elementor-section elementor-top-section elementor-element elementor-element-7a81fdb1 elementor-section-boxed elementor-section-height-default elementor-section-height-default\" data-id=\"7a81fdb1\" data-element_type=\"section\">\n\t\t\t\t\t\t<div class=\"elementor-container elementor-column-gap-default\">\n\t\t\t\t\t<div class=\"elementor-column elementor-col-100 elementor-top-column elementor-element elementor-element-282535c\" data-id=\"282535c\" data-element_type=\"column\">\n\t\t\t<div class=\"elementor-widget-wrap elementor-element-populated\">\n\t\t\t\t\t\t<div class=\"elementor-element elementor-element-1db608f4 elementor-widget elementor-widget-text-editor\" data-id=\"1db608f4\" data-element_type=\"widget\" data-widget_type=\"text-editor.default\">\n\t\t\t\t<div class=\"elementor-widget-container\">\n\t\t\t\t\t\t\t<h4>Inneh\u00e5ll p\u00e5 sidan:<br>-Om Anna Od\u00e9n<br>-Medicinsk laserterapi<br>-Lymf\u00f6dem<br>-Lip\u00f6dem<br>-Cellulitbehandling med st\u00f6tv\u00e5g (Friskv\u00e5rd, momspliktig)<\/h4>\n<h4>-Priser<br>-Hembes\u00f6k<\/h4>\n<p><!-- \/wp:heading --><\/p>\n<p><!-- wp:heading {\"level\":4} --><\/p>\n<h4>BOKA TID via hemsidans flik \u201dBOKA TID\u201d , online eller via telefon.<\/h4>\n<p><!-- \/wp:heading --><\/p>\n<p><!-- wp:group {\"layout\":{\"type\":\"constrained\"}} --><\/p>\n<div>\n<p><!-- wp:columns --><\/p>\n<div>\n<p><!-- wp:column {\"width\":\"100%\"} --><\/p>\n<div style=\"flex-basis: 100%;\">\n<p><!-- wp:gallery {\"linkTo\":\"none\"} --><\/p>\n<figure><!-- wp:image {\"id\":184,\"sizeSlug\":\"large\"} --><p><\/p>\n<figure><img decoding=\"async\" src=\"https:\/\/www.stokliniken.se\/wp-content\/uploads\/2022\/02\/10772-020-819x1024.jpg\" alt=\"\"><\/figure>\n<p><!-- \/wp:image --><\/p>\n<p><!-- wp:image {\"id\":219,\"sizeSlug\":\"large\",\"linkDestination\":\"none\"} --><\/p>\n<figure><img decoding=\"async\" src=\"https:\/\/www.stokliniken.se\/wp-content\/uploads\/2022\/02\/DSC_6988-448x300-1.jpg\" alt=\"\"><\/figure>\n<p><!-- \/wp:image --><\/p>\n<\/figure>\n<p><!-- \/wp:gallery --><\/p>\n<\/div>\n<p><!-- \/wp:column --><\/p>\n<\/div>\n<p><!-- \/wp:columns --><\/p>\n<\/div>\n<p><!-- \/wp:group --><\/p>\n<p><!-- wp:paragraph --><\/p>\n<p><strong>Om Anna Od\u00e9n<\/strong><br>Leg. sjuksk\u00f6terska. Gift med sin Anders, har tv\u00e5 vuxna barn och hunden Bosse. Anna brinner f\u00f6r att hj\u00e4lpa dem som v\u00e5rden inte alltid kan hj\u00e4lpa och hon har ett stort intresse f\u00f6r sv\u00e5rl\u00e4kta s\u00e5r, \u00f6dem\/ lymf\u00f6dem\/lip\u00f6dem och ett lite extra fokus p\u00e5 sm\u00e4rttillst\u00e5nd och sjukdomar relaterade till kvinnor, t.ex. endometrios.<\/p>\n<p><!-- \/wp:paragraph --><\/p>\n<p><!-- wp:paragraph --><\/p>\n<p><strong>Medicinsk laserterapi<\/strong><\/p>\n<p><!-- \/wp:paragraph --><\/p>\n<p><!-- wp:paragraph --><\/p>\n<p>Vill du l\u00e4sa mer om medicinsk laserterapi, klicka p\u00e5 l\u00e4nken h\u00e4r: <a href=\"https:\/\/www.stokliniken.se\/?page_id=279\" data-type=\"link\" data-id=\"https:\/\/www.stokliniken.se\/?page_id=279\">Medicinsk Laserterapi<\/a><\/p>\n<p><!-- \/wp:paragraph --><\/p>\n<p><!-- wp:paragraph --><\/p>\n<p>Som leg. sjuksk\u00f6terska kan Anna erbjuda en l\u00e5ngt st\u00f6rre behandlingsarsenal \u00e4n vad som ryms inom prim\u00e4rv\u00e5rdens uppdrag f\u00f6r sjukgymnaster, d\u00e4rf\u00f6r \u00e4r vi s\u00e4rskilt glada att hon vill jobba tillsammans med oss p\u00e5 STO-Kliniken.<\/p>\n<p>Tack vare Anna kan vi erbjuda behandling f\u00f6r t.ex.:<br>&#8211;<b>S\u00e5rbehandling av sv\u00e5rl\u00e4kta s\u00e5r<\/b>, faktiskt oberoende av grundorsak t.ex. diabetess\u00e5r, arteriella- eller ven\u00f6sa s\u00e5r. L\u00e4s g\u00e4rna mer om metoden som idag anv\u00e4nds inom Hemsjukv\u00e5rden i Skellefte\u00e5 kommun,&nbsp;<a href=\"https:\/\/halsorapporten.nu\/medicinsk-laser-hjalper-skelleftebor-med-svarlakta-sar\/\" target=\"_blank\" rel=\"noopener\">klicka h\u00e4r<\/a>.<br><span style=\"color: var( --e-global-color-text ); font-family: var( --e-global-typography-text-font-family ), Sans-serif; font-weight: var( --e-global-typography-text-font-weight );\">&#8211;<\/span><span style=\"color: var( --e-global-color-text ); font-family: var( --e-global-typography-text-font-family ), Sans-serif;\"><b>S\u00e5rbehandling med svullnader<\/b><\/span><span style=\"color: var( --e-global-color-text ); font-family: var( --e-global-typography-text-font-family ), Sans-serif; font-weight: var( --e-global-typography-text-font-weight );\"> t.ex. efter trauman.<br>&#8211;<\/span><b style=\"color: var( --e-global-color-text ); font-family: var( --e-global-typography-text-font-family ), Sans-serif;\">Eksem av olika slag<br><\/b><span style=\"color: var( --e-global-color-text ); font-family: var( --e-global-typography-text-font-family ), Sans-serif; font-weight: var( --e-global-typography-text-font-weight );\"><span style=\"font-weight: var( --e-global-typography-text-font-weight );\">&#8211;<\/span><\/span><b style=\"color: var( --e-global-color-text ); font-family: var( --e-global-typography-text-font-family ), Sans-serif;\">PPP\/ Pustulosis Palmo Plantaris<\/b><span style=\"color: var( --e-global-color-text ); font-family: var( --e-global-typography-text-font-family ), Sans-serif; font-weight: var( --e-global-typography-text-font-weight );\"> \u2013 psoriasisbesl\u00e4ktad \u00e5komma som g\u00f6r att huden p\u00e5 handflator och fotsulor spricker upp och g\u00e5r s\u00f6nder vid kontakt med vatten.<\/span><\/p>\n<p><!-- \/wp:paragraph --><\/p>\n<p><!-- wp:gallery {\"linkTo\":\"none\"} --><\/p>\n<figure><!-- wp:image {\"id\":167,\"sizeSlug\":\"full\",\"linkDestination\":\"none\"} --><p><\/p>\n<figure><img decoding=\"async\" src=\"http:\/\/www.stokliniken.se\/wp-content\/uploads\/2022\/02\/PPP-fore.jpg\" alt=\"\"><p><\/p>\n<figcaption>PPP f\u00f6re behandling med laser<\/figcaption>\n<\/figure>\n<p><!-- \/wp:image --><\/p>\n<p><!-- wp:image {\"id\":54,\"sizeSlug\":\"large\",\"linkDestination\":\"none\"} --><\/p>\n<figure><img decoding=\"async\" src=\"http:\/\/www.stokliniken.se\/wp-content\/uploads\/2022\/01\/PPP-efter.jpg\" alt=\"\"><p><\/p>\n<figcaption>PPP efter behandlingsserie med laser<\/figcaption>\n<\/figure>\n<p><!-- \/wp:image --><\/p>\n<\/figure>\n<p><!-- \/wp:gallery --><\/p>\n<p><!-- wp:paragraph --><\/p>\n<p>-\u201dVita fingrar\u201d\/Raynauds syndrom<\/p>\n<p><!-- \/wp:paragraph --><\/p>\n<p><!-- wp:gallery {\"linkTo\":\"none\"} --><\/p>\n<figure><!-- wp:image {\"id\":166,\"sizeSlug\":\"full\",\"linkDestination\":\"none\"} --><p><\/p>\n<figure><img decoding=\"async\" src=\"http:\/\/www.stokliniken.se\/wp-content\/uploads\/2022\/02\/Raynauds-fore-1.jpg\" alt=\"\"><p><\/p>\n<figcaption>Raynauds syndrom f\u00f6re laserbehandling<\/figcaption>\n<\/figure>\n<p><!-- \/wp:image --><\/p>\n<p><!-- wp:image {\"id\":55,\"sizeSlug\":\"large\",\"linkDestination\":\"none\"} --><\/p>\n<figure><img decoding=\"async\" src=\"http:\/\/www.stokliniken.se\/wp-content\/uploads\/2022\/01\/Raynauds-efter.jpg\" alt=\"\"><p><\/p>\n<figcaption>Raynauds syndrom efter laserbehandling<\/figcaption>\n<\/figure>\n<p><!-- \/wp:image --><\/p>\n<\/figure>\n<p><!-- \/wp:gallery --><\/p>\n<p><!-- wp:paragraph --><\/p>\n<h1>\u2013<strong>Svullnader\/\u00d6dem: Lymf\u00f6dem.<\/strong><\/h1>\n<h4><span style=\"color: #000000; font-family: Calibri, Helvetica, sans-serif; background-color: #ffffff;\">Lymf\u00f6demkan vara spontana svullnader utan bakomliggande sjukdom men kan ocks\u00e5 uppst\u00e5 efter trauma t.ex stukning eller liknande. Lymf\u00f6dem kan ocks\u00e5 uppst\u00e5 efter operationer av olika slag ex benbrott, br\u00f6stcancerop. Anna anv\u00e4nder sig av Laserlymfdr\u00e4nage, se film nedan, f\u00f6r att f\u00e5 ig\u00e5ng lymfsystemet. D\u00e4refter g\u00f6rs en genomg\u00e5ng av Sj\u00e4lvlymfdr\u00e4nage.<br><\/span><span style=\"color: #000000; font-family: Calibri, Helvetica, sans-serif; background-color: #ffffff;\">Kompressionsplagg\/-strumpor fr\u00e5n&nbsp;<\/span><span style=\"background-color: #ffffff; font-family: Calibri, Helvetica, sans-serif;\">Bauerfeind<\/span><span style=\"background-color: #ffffff; font-family: Calibri, Helvetica, sans-serif;\">&nbsp;som kompletterande behandling g\u00e5r att f\u00e5 hj\u00e4lp att prova ut p\u00e5 kliniken.&nbsp;<\/span><\/h4>\n<h4>Titta g\u00e4rna redan nu p\u00e5 instruktionsfilmen fr\u00e5n Svenska \u00d6demf\u00f6rbundet:&nbsp;<a href=\"https:\/\/www.youtube.com\/watch?v=Op2wrBQ63OM\" target=\"_blank\" rel=\"noreferrer noopener\">Youtube-l\u00e4nk<\/a>.<\/h4>\n<p><\/p>\n<h1>&#8211;<b>Lip\u00f6dem<\/b><\/h1>\n<div style=\"background-color: #ffffff; font-family: Calibri, Helvetica, sans-serif; font-size: 12pt; color: #000000;\">Lip\u00f6dem \u00e4r en sjukdom i fettv\u00e4vnaden som ofta misstolkas av sjukv\u00e5rden som fetma. <br>Kroppens fettceller \u00f6kar i volym vid sjukdomens utbrott och orsakar t.ex v\u00e4rk, sm\u00e4rta vid ber\u00f6ring, k\u00e4nsla av tunga ben mm. Lip\u00f6dem utvecklas oftast vid hormonella f\u00f6r\u00e4ndringar som pubertet, graviditet eller klimakteriet. <br>Anna kan erbjuda Laserlymfdr\u00e4nage, st\u00f6tv\u00e5gsbehandling eller Lipolys (&#8221;fettspr\u00e4ngning&#8221;) f\u00f6r att minska symtomen. Dessa behandlingar botar inte sjukdomen men kan minska besv\u00e4ren avsev\u00e4rt och \u00f6ka livskvaliteten. <br>Den enda behandling som anses botande \u00e4r \u00e4nnu s\u00e5 l\u00e4nge kirurgisk fettsugning.&nbsp; <br>Anna \u00e4r&nbsp; sjuksk\u00f6terskekonsult f\u00f6r kliniken Estetikum i Stockholm som \u00e4r specialister p\u00e5 fettsugningsmetoden SmartLipo. SmartLipo g\u00f6rs under lokalbed\u00f6vning, och ej som traditionellt fettsugning under narkos. Anna kan boka en videokonferens tillsammans med l\u00e4kare p\u00e5 Estetikum som ett f\u00f6rsta konsultation.<\/div>\n<p>L\u00e4s mer om LIP\u00d6DEM p\u00e5 Estetikum hemsida,&nbsp;<a href=\"https:\/\/www.estetikum.se\/behandlingar-operationer\/fettsugning\/lipodem\/\" target=\"_blank\" rel=\"noopener\">klicka h\u00e4r.<\/a><\/p>\n<div><b>MEDICINSKA KOMPRESSIONSPLAGG LIP\u00d6DEM<\/b><br>F\u00f6r LIP\u00d6DEM finns s\u00e4rskilt utprovade medicinska kompressionsplagg som g\u00e5r att prova ut och best\u00e4lla p\u00e5 kliniken.&nbsp;<span style=\"background-color: #ffffff; color: #000000; font-family: Calibri, Helvetica, sans-serif; font-size: 12pt;\">&nbsp;Anna \u00e4r samarbetspartner med Compressionstore och kan visa deras kompressionsplagg: LIPOELASTIC<\/span><br><span style=\"color: rgb(31, 31, 31); font-family: &quot;Google Sans&quot;, Roboto, RobotoDraft, Helvetica, Arial, sans-serif; font-size: 22px; font-variant-ligatures: no-contextual; background-color: rgb(255, 255, 255);\">Lymfapress Venen Engel<\/span><span style=\"background-color: #ffffff; color: #000000; font-family: Calibri, Helvetica, sans-serif; font-size: 12pt;\"><\/span><\/div>\n<div style=\"background-color: #ffffff; font-family: Calibri, Helvetica, sans-serif; font-size: 12pt; color: #000000;\">&nbsp;<\/div>\n<div style=\"background-color: #ffffff; font-family: Calibri, Helvetica, sans-serif; font-size: 12pt; color: #000000;\">Klicka p\u00e5 l\u00e4nken f\u00f6r mer info:<a style=\"font-family: Roboto, sans-serif;\" href=\"http:\/\/www.compressionstore.se\/?affiliate=13549\" target=\"_blank\" rel=\"noopener\">&nbsp;http:\/\/www.compressionstore.se\/?affiliate=13549<\/a><\/div>\n<p><!-- \/wp:paragraph --><\/p>\n<p><!-- wp:gallery {\"linkTo\":\"none\"} --><\/p>\n<figure><!-- wp:image {\"id\":231,\"sizeSlug\":\"large\",\"linkDestination\":\"custom\"} --><p><\/p>\n<figure><a href=\"https:\/\/youtu.be\/5C-A7fH1_xI\" target=\"_blank\" rel=\"noopener\"><img decoding=\"async\" src=\"http:\/\/www.stokliniken.se\/wp-content\/uploads\/2022\/02\/laserlymfdranage.jpg\" alt=\"\"><\/a><\/figure>\n<p><!-- \/wp:image --><\/p>\n<p><!-- wp:image {\"id\":233,\"width\":315,\"height\":189,\"sizeSlug\":\"large\",\"linkDestination\":\"custom\"} --><\/p>\n<figure><a href=\"https:\/\/youtu.be\/Op2wrBQ63OM\"><img fetchpriority=\"high\" decoding=\"async\" style=\"width: 315px; height: 189px;\" src=\"http:\/\/www.stokliniken.se\/wp-content\/uploads\/2022\/02\/SLD-instruktion-1024x615.jpg\" alt=\"\" width=\"315\" height=\"189\"><\/a><p><\/p>\n<figcaption>Sj\u00e4lvlymfdr\u00e4nage &#8211; Svenska \u00d6demf\u00f6rbundet<\/figcaption>\n<\/figure>\n<p><!-- \/wp:image --><\/p>\n<\/figure>\n<p><!-- \/wp:gallery --><\/p>\n<p><!-- wp:paragraph --><\/p>\n<p>\u2013<strong>Molusker<\/strong>&nbsp;och&nbsp;<strong>v\u00e5rtor p\u00e5 barn<\/strong>&nbsp;som enda behandling d\u00e5 barn reagerar mycket snabbt p\u00e5 laserbehandlingen.<br><b>&#8211; V<\/b><strong>\u00e5rtor p\u00e5 vuxna<\/strong>&nbsp;som komplement till annan v\u00e5rtbehandling.<br>\u2013<strong>Bih\u00e5leinflammation<\/strong>&nbsp;\u2013 kronisk och akut., vanligen 3-4behandlingar.<br>\u2013<strong>Frakturbehandling&nbsp;<\/strong>t.ex. revbensfrakturer och frakturer som inte omsluts av ett gips, eller d\u00e4r gipset\/ortosen g\u00e5r att \u00f6ppna.<br>\u2013<strong>Muskelrupturer och str\u00e4ckningar<\/strong>. Laser \u00e4r oftast enda alternativet till vila och accelererar l\u00e4kningen kraftigt samt minskar bildningen av \u00e4rrv\u00e4vnad.<br>\u2013<strong>Kvinnors h\u00e4lsa<em>&nbsp;:<\/em><\/strong><br><strong>Endometrios<\/strong>&nbsp;(buk- och underlivssm\u00e4rtor)<br><strong>Myom<\/strong><br><strong>PCOS<\/strong>&nbsp;(Polycystiskt ovarialsyndrom)<br><strong>PMS-besv\u00e4r<\/strong><br><strong>Menstruationssm\u00e4rtor<\/strong><br><strong>\u00c4rrv\u00e4vnad&nbsp;<\/strong>(t.ex. kejsarsnitt, postgynoperationer etc.)<\/p>\n<p><!-- \/wp:paragraph --><\/p>\n<p><!-- wp:paragraph --><\/p>\n<p><b>Sm\u00e4rta och V\u00e4rk<\/b>: Givetvis kan Anna \u00e4ven behandla v\u00e4rkande leder, muskler och senskador och framf\u00f6rallt om det \u00e4r l\u00e5ng v\u00e4ntetid till sjukgymnast f\u00f6r dessa besv\u00e4r. Anna och Laserkliniken Od\u00e9n \u00e4r ett v\u00e4rdefullt komplement och en resurs f\u00f6r v\u00e5ra patienter eftersom vissa problem som g\u00e5r att behandla med laser faller utanf\u00f6r sjukgymnastuppdraget, se ovan, och tack vare Anna kan vi erbjuda det p\u00e5 STO-kliniken.<\/p>\n<p><!-- \/wp:paragraph --><\/p>\n<p><!-- wp:paragraph --><\/p>\n<p><strong>Cellulitbehandling med St\u00f6tv\u00e5g<\/strong><\/p>\n<p><!-- \/wp:paragraph --><\/p>\n<p><!-- wp:paragraph --><\/p>\n<p>Som en friskv\u00e5rdsbehandling kan \u00e4ven cellulitbehandling med st\u00f6tv\u00e5g erbjudas. Mera information omkring behandlingen och dess effekter \u00e4r planerat under v\u00e5ren, annars kontakta Anna direkt.<\/p>\n<p><!-- \/wp:paragraph --><\/p>\n<p><!-- wp:paragraph --><\/p>\n<p><strong>Lasers\u00e4kerhet<\/strong><\/p>\n<p><!-- \/wp:paragraph --><\/p>\n<p><!-- wp:paragraph --><\/p>\n<p>De lasrar som finns p\u00e5 kliniken kallas l\u00e5geffektslaser (laserklass 3B) och kan inte br\u00e4nna eller sk\u00e4ra (som d\u00e5 kallas klass-4-lasrar). Kliniken f\u00f6ljer regler och f\u00f6reskrifter f\u00f6r att arbeta och behandla med Laser (3B) fr\u00e5n dels Str\u00e5lskyddsmyndigheten(SSMFS 2014:4) och Arbetsmilj\u00f6verket(AFS 2009:7). Skyddsglas\u00f6gon erbjuds patienter.<\/p>\n<p><!-- \/wp:paragraph --><\/p>\n<p><!-- wp:paragraph --><\/p>\n<p><strong>Vill du l\u00e4sa mer om Medicinsk Laserbehandling\/Laserterapi &#8211; klicka p\u00e5 l\u00e4nken h\u00e4r.<\/strong><\/p>\n<p><!-- \/wp:paragraph --><\/p>\n<p><!-- wp:paragraph --><\/p>\n<p><strong>Prisinformation<\/strong><\/p>\n<p><!-- \/wp:paragraph --><\/p>\n<p><!-- wp:paragraph --><\/p>\n<p>Eftersom Anna inte kan f\u00e5 ett avtal med fd. Landstinget (VG-regionen) som sjuksk\u00f6terska g\u00f6rs hennes behandlingar helt privat och hon \u00e4r s\u00e5ledes tvingad att ta ut en avgift f\u00f6r detta enligt nedan:<\/p>\n<p><!-- \/wp:paragraph --><\/p>\n<p><!-- wp:paragraph --><\/p>\n<p>-S\u00e5rbehandling, inkl oml\u00e4ggning 640kr (momsfritt)<\/p>\n<p><!-- \/wp:paragraph --><\/p>\n<p><!-- wp:paragraph --><\/p>\n<p>-S\u00e5rbehandling sm\u00e5 s\u00e5r (kortare bes\u00f6k) 440kr (momsfritt)<\/p>\n<p><!-- \/wp:paragraph --><\/p>\n<p><!-- wp:paragraph --><\/p>\n<p>-Lymfbehandling \u2013 Nybes\u00f6k och l\u00e4ngre bes\u00f6k (efter \u00f6verenskommelse) 600kr (momsfritt)<\/p>\n<p><!-- \/wp:paragraph --><\/p>\n<p><!-- wp:paragraph --><\/p>\n<p>-Lymfbehandling \u2013 Kortare \u00e5terbes\u00f6k 400 (momsfritt)<\/p>\n<p><!-- \/wp:paragraph --><\/p>\n<p><!-- wp:paragraph --><\/p>\n<p>-Laserbehandling, l\u00e4ngre bes\u00f6k, 580kr (momsfritt)<\/p>\n<p><!-- \/wp:paragraph --><\/p>\n<p><!-- wp:paragraph --><\/p>\n<p>-Laserbehandling kortare bes\u00f6k 400kr (momsfritt)<\/p>\n<p><!-- \/wp:paragraph --><\/p>\n<p><!-- wp:paragraph --><\/p>\n<p>-Extratid f\u00f6r Laserbehandling till\u00e4gg 100kr\/5min (momsfritt)<\/p>\n<p>-Ultraljudsunders\u00f6kning, (s\u00e4nkt pris under p\u00e5g\u00e5ende utbildning) 200kr<\/p>\n<p><!-- \/wp:paragraph --><\/p>\n<p><!-- wp:paragraph --><\/p>\n<p><strong>Hembes\u00f6k<\/strong><\/p>\n<p><!-- \/wp:paragraph --><\/p>\n<p><!-- wp:paragraph --><\/p>\n<p>Hembes\u00f6k kan erbjudas f\u00f6r den som inte kan ta sig till mottagningen. Tyv\u00e4rr blir det en extra avgift f\u00f6r detta enligt listan nere. Bokning av hembes\u00f6k enligt \u00f6verenskommelse med Anna<\/p>\n<p><!-- \/wp:paragraph --><\/p>\n<p><!-- wp:paragraph --><\/p>\n<p>-Hembes\u00f6kt inom Stenungsunds kommun 1060kr (momsfritt) inkl behandling.<\/p>\n<p><!-- \/wp:paragraph --><\/p>\n<p><!-- wp:paragraph --><\/p>\n<p>-Hembes\u00f6k till\u00e4gg inom Tj\u00f6rn\/Orust kommun +350kr (momsfritt)<\/p>\n<p><!-- \/wp:paragraph --><\/p>\n<p><!-- wp:paragraph --><\/p>\n<p>V\u00e4lkommen att kontakta Anna f\u00f6r mera information p\u00e5 mail:&nbsp;<a href=\"mailto:anna@stationskliniken.se\" target=\"_blank\" rel=\"noreferrer noopener\"><em>anna@stokliniken.se<\/em><\/a>&nbsp;eller<\/p>\n<p><!-- \/wp:paragraph --><\/p>\n<p><!-- wp:paragraph --><\/p>\n<p>mobil <strong>0760-24 65 15<\/strong> (skicka sms om inget svar)<\/p>\n<p><!-- \/wp:paragraph --><\/p>\n<p><!-- wp:paragraph --><\/p>\n<p>F\u00f6lj Laserkliniken Od\u00e9n p\u00e5 Facebook: <a href=\"https:\/\/www.facebook.com\/search\/top?q=laserkliniken%20od%C3%A9n\" target=\"_blank\" rel=\"noreferrer noopener\">Laserkliniken Od\u00e9n<\/a><\/p>\n<p><!-- \/wp:paragraph --><\/p>\n<p><!-- wp:image {\"id\":176,\"width\":250,\"height\":331,\"sizeSlug\":\"full\",\"linkDestination\":\"none\"} --><\/p>\n<figure><img decoding=\"async\" style=\"width: 250px; height: 331px;\" src=\"http:\/\/www.stokliniken.se\/wp-content\/uploads\/2022\/02\/AnnaO03.jpg\" alt=\"\" width=\"250\" height=\"331\"><p><\/p>\n<figcaption>Anna och Bosse<\/figcaption>\n<\/figure>\n<p><!-- \/wp:image --><\/p>\n<p><!-- wp:paragraph --><\/p>\n<p><em>\u2013 Sidan \u00e4r skriven av Anders Bergstr\u00f6m<\/em><\/p>\n<p><!-- \/wp:paragraph --><\/p>\t\t\t\t\t\t<\/div>\n\t\t\t\t<\/div>\n\t\t\t\t\t<\/div>\n\t\t<\/div>\n\t\t\t\t\t<\/div>\n\t\t<\/section>\n\t\t\t\t<\/div>\n\t\t","protected":false},"excerpt":{"rendered":"<p>Inneh\u00e5ll p\u00e5 sidan:-Om Anna Od\u00e9n-Medicinsk laserterapi-Lymf\u00f6dem-Lip\u00f6dem-Cellulitbehandling med st\u00f6tv\u00e5g (Friskv\u00e5rd, momspliktig) -Priser-Hembes\u00f6k BOKA TID via hemsidans flik \u201dBOKA TID\u201d , online eller via telefon. Om Anna Od\u00e9nLeg. sjuksk\u00f6terska. Gift med sin Anders, har tv\u00e5 vuxna barn och hunden Bosse. Anna brinner &hellip; <a href=\"https:\/\/www.stokliniken.se\/?page_id=33\">Forts\u00e4tt l\u00e4sa <span class=\"meta-nav\">&rarr;<\/span><\/a><\/p>\n","protected":false},"author":1,"featured_media":0,"parent":0,"menu_order":0,"comment_status":"closed","ping_status":"closed","template":"","meta":{"footnotes":""},"class_list":["post-33","page","type-page","status-publish","hentry"],"_links":{"self":[{"href":"https:\/\/www.stokliniken.se\/index.php?rest_route=\/wp\/v2\/pages\/33","targetHints":{"allow":["GET"]}}],"collection":[{"href":"https:\/\/www.stokliniken.se\/index.php?rest_route=\/wp\/v2\/pages"}],"about":[{"href":"https:\/\/www.stokliniken.se\/index.php?rest_route=\/wp\/v2\/types\/page"}],"author":[{"embeddable":true,"href":"https:\/\/www.stokliniken.se\/index.php?rest_route=\/wp\/v2\/users\/1"}],"replies":[{"embeddable":true,"href":"https:\/\/www.stokliniken.se\/index.php?rest_route=%2Fwp%2Fv2%2Fcomments&post=33"}],"version-history":[{"count":41,"href":"https:\/\/www.stokliniken.se\/index.php?rest_route=\/wp\/v2\/pages\/33\/revisions"}],"predecessor-version":[{"id":597,"href":"https:\/\/www.stokliniken.se\/index.php?rest_route=\/wp\/v2\/pages\/33\/revisions\/597"}],"wp:attachment":[{"href":"https:\/\/www.stokliniken.se\/index.php?rest_route=%2Fwp%2Fv2%2Fmedia&parent=33"}],"curies":[{"name":"wp","href":"https:\/\/api.w.org\/{rel}","templated":true}]}}